{"id":62575,"date":"2026-01-26T23:23:42","date_gmt":"2026-01-26T23:23:42","guid":{"rendered":"https:\/\/santakoblues.com\/fest\/?post_type=tribe_events&#038;p=62575"},"modified":"2026-02-05T21:30:11","modified_gmt":"2026-02-05T21:30:11","slug":"las-balas-perdidas-teatro","status":"publish","type":"tribe_events","link":"https:\/\/santakoblues.com\/fest\/evento\/las-balas-perdidas-teatro\/","title":{"rendered":"Las Balas Perdidas"},"content":{"rendered":"<p><strong>Las Balas Perdidas<\/strong> son una banda de rock &amp;amp; roll y blues nacida en Barcelona en 2012. Con letras en castellano y un directo arrollador, el grupo dispara energ\u00eda desde el escenario con canciones que invitan tanto al baile como a dejarse llevar por la intensidad del momento. Su sonido bebe de las ra\u00edces cl\u00e1sicas del rock &amp;amp; roll y del blues m\u00e1s visceral, y otras influencias de m\u00fasica de ra\u00edz negra, pero con car\u00e1cter y personalidad propia, cruda y aut\u00e9ntica.<br \/>\nFieles a su manera de entender la m\u00fasica, acostumbran a producir ellos mismos sus grabaciones, buscando siempre un sonido anal\u00f3gico, c\u00e1lido y real, que refleje la esencia de la banda sin artificios.<br \/>\nEn formato tr\u00edo primero, y cuarteto despu\u00e9s, adapt\u00e1ndose sin problemas a la intimidad de salas, o la energ\u00eda y sudor de festivales, patean los mejores garitos de &amp;quot;blues&amp;quot; de la ciudad condal, pasan por importantes ciclos y festivales, ganando el madrile\u00f1o Festimad (2016), el Vinebresona (2015) y el Festival de Lleida (2014), o grabando los prestigiosos Conciertos de Radio3 en RTVE<\/p>\n<p>Ficha art\u00edstica:<br \/>\nAgust\u00edn Blesa &#8211; Guitarra y Voz<br \/>\nTaisen &#8211; Contrabajo y bajo el\u00e9ctrico<br \/>\nEric Ibanez \u2013 Guitarra i veus<br \/>\nQuico Hern\u00e1ndez &#8211; Bateria<\/p>\n<p><iframe title=\"No puedo parar\" width=\"1290\" height=\"968\" src=\"https:\/\/www.youtube.com\/embed\/WSwixhe6jKY?feature=oembed\" frameborder=\"0\" allow=\"accelerometer; autoplay; clipboard-write; encrypted-media; gyroscope; picture-in-picture; web-share\" referrerpolicy=\"strict-origin-when-cross-origin\" allowfullscreen><\/iframe><\/p>\n","protected":false},"excerpt":{"rendered":"<p>LAS\u00a0BALAS\u00a0PERDIDAS\u00a0es el proyecto barcelon\u00e9s de blues rock del argentino Agust\u00edn Blesa<\/p>\n","protected":false},"author":1,"featured_media":61992,"template":"","meta":{"_seopress_robots_primary_cat":"","_seopress_titles_title":"Las Balas Perdidas - Santako Blues 2025","_seopress_titles_desc":"LAS\u00a0BALAS\u00a0PERDIDAS\u00a0es el proyecto barcelon\u00e9s de blues rock del argentino Agust\u00edn Blesa","_seopress_robots_index":"","_tribe_events_status":"","_tribe_events_status_reason":"","footnotes":""},"tags":[331,332],"tribe_events_cat":[298,344],"class_list":["post-62575","tribe_events","type-tribe_events","status-publish","has-post-thumbnail","hentry","tag-lasbalasperdidas","tag-teatrosagarra","tribe_events_cat-concierto","tribe_events_cat-teatro-2026","cat_concierto","cat_teatro-2026"],"_links":{"self":[{"href":"https:\/\/santakoblues.com\/fest\/wp-json\/wp\/v2\/tribe_events\/62575","targetHints":{"allow":["GET"]}}],"collection":[{"href":"https:\/\/santakoblues.com\/fest\/wp-json\/wp\/v2\/tribe_events"}],"about":[{"href":"https:\/\/santakoblues.com\/fest\/wp-json\/wp\/v2\/types\/tribe_events"}],"author":[{"embeddable":true,"href":"https:\/\/santakoblues.com\/fest\/wp-json\/wp\/v2\/users\/1"}],"version-history":[{"count":4,"href":"https:\/\/santakoblues.com\/fest\/wp-json\/wp\/v2\/tribe_events\/62575\/revisions"}],"predecessor-version":[{"id":62659,"href":"https:\/\/santakoblues.com\/fest\/wp-json\/wp\/v2\/tribe_events\/62575\/revisions\/62659"}],"wp:featuredmedia":[{"embeddable":true,"href":"https:\/\/santakoblues.com\/fest\/wp-json\/wp\/v2\/media\/61992"}],"wp:attachment":[{"href":"https:\/\/santakoblues.com\/fest\/wp-json\/wp\/v2\/media?parent=62575"}],"wp:term":[{"taxonomy":"post_tag","embeddable":true,"href":"https:\/\/santakoblues.com\/fest\/wp-json\/wp\/v2\/tags?post=62575"},{"taxonomy":"tribe_events_cat","embeddable":true,"href":"https:\/\/santakoblues.com\/fest\/wp-json\/wp\/v2\/tribe_events_cat?post=62575"}],"curies":[{"name":"wp","href":"https:\/\/api.w.org\/{rel}","templated":true}]}}