{"id":62526,"date":"2026-01-26T22:28:18","date_gmt":"2026-01-26T22:28:18","guid":{"rendered":"https:\/\/santakoblues.com\/fest\/?post_type=tribe_events&#038;p=62526"},"modified":"2026-02-07T00:58:07","modified_gmt":"2026-02-07T00:58:07","slug":"activitat-didactica-dirigida-a-alumnes-del-ies-numancia","status":"publish","type":"tribe_events","link":"https:\/\/santakoblues.com\/fest\/evento\/activitat-didactica-dirigida-a-alumnes-del-ies-numancia\/","title":{"rendered":"Activitat did\u00e0ctica dirigida a alumnes del IES Num\u00e0ncia"},"content":{"rendered":"<p>Actividad did\u00e0ctica dirigida a alumnos del IES Num\u00e0ncia<br \/>\nMartes 17 de febrero 2026 9.00 h<br \/>\nLugar: IES Numancia<\/p>\n<p><strong>Blues y el nacimiento de la m\u00fasica moderna<\/strong><br \/>\nUn proyecto did\u00e1ctico de Santako Blues y James Sedgwick<br \/>\nEn la actualidad, existe una impresionante diversidad de m\u00fasica popular. La tecnolog\u00eda y los procesos migratorios han facilitado un intercambio cultural sin precedentes. Ante este panorama, surge una pregunta fundamental: \u00bfde d\u00f3nde provienen los or\u00edgenes de la m\u00fasica que escucha la juventud contempor\u00e1nea?<\/p>\n<p>Si bien se trata de una cuesti\u00f3n amplia con m\u00faltiples respuestas posibles, hay un hecho innegable: el Blues ha sido una de las influencias m\u00e1s importantes en la mayor\u00eda de los g\u00e9neros musicales modernos. Por ejemplo, el reguet\u00f3n recibe influencias del hip hop y de la m\u00fasica caribe\u00f1a, ambos fuertemente marcados por el Blues. El rock and roll \u2014y todos sus derivados\u2014 le debe mucho al Blues. Incluso el jazz no ser\u00eda tal sin esta ra\u00edz. Asimismo, estilos tan diversos como el K-pop, el EDM o el hip hop comparten una base com\u00fan en la m\u00fasica afroamericana, especialmente en el Blues.<br \/>\nLa historia del Blues no es \u00fanicamente musical: es tambi\u00e9n una historia sociocultural, un espejo de la evoluci\u00f3n de la cultura de los Estados Unidos y, por extensi\u00f3n, del mundo entero<\/p>\n","protected":false},"excerpt":{"rendered":"<p>Blues y el nacimiento de la m\u00fasica moderna &#8211; Un proyecto did\u00e1ctico de Santako Blues y James Sedgwick<\/p>\n","protected":false},"author":1,"featured_media":62533,"template":"","meta":{"_seopress_robots_primary_cat":"","_seopress_titles_title":"Blues y nacimiento de la m\u00fasica moderna","_seopress_titles_desc":"Blues y nacimiento de la m\u00fasica moderna - Un proyecto did\u00e1ctico de Santako Blues y James Sedgwick","_seopress_robots_index":"","_tribe_events_status":"","_tribe_events_status_reason":"","footnotes":""},"tags":[323,322,324,335],"tribe_events_cat":[290,339],"class_list":["post-62526","tribe_events","type-tribe_events","status-publish","has-post-thumbnail","hentry","tag-actividaddidactica","tag-blues","tag-iesnumancia","tag-santakoblues2026","tribe_events_cat-actividad-didactica","tribe_events_cat-339","cat_actividad-didactica","cat_2026"],"_links":{"self":[{"href":"https:\/\/santakoblues.com\/fest\/wp-json\/wp\/v2\/tribe_events\/62526","targetHints":{"allow":["GET"]}}],"collection":[{"href":"https:\/\/santakoblues.com\/fest\/wp-json\/wp\/v2\/tribe_events"}],"about":[{"href":"https:\/\/santakoblues.com\/fest\/wp-json\/wp\/v2\/types\/tribe_events"}],"author":[{"embeddable":true,"href":"https:\/\/santakoblues.com\/fest\/wp-json\/wp\/v2\/users\/1"}],"version-history":[{"count":4,"href":"https:\/\/santakoblues.com\/fest\/wp-json\/wp\/v2\/tribe_events\/62526\/revisions"}],"predecessor-version":[{"id":62644,"href":"https:\/\/santakoblues.com\/fest\/wp-json\/wp\/v2\/tribe_events\/62526\/revisions\/62644"}],"wp:featuredmedia":[{"embeddable":true,"href":"https:\/\/santakoblues.com\/fest\/wp-json\/wp\/v2\/media\/62533"}],"wp:attachment":[{"href":"https:\/\/santakoblues.com\/fest\/wp-json\/wp\/v2\/media?parent=62526"}],"wp:term":[{"taxonomy":"post_tag","embeddable":true,"href":"https:\/\/santakoblues.com\/fest\/wp-json\/wp\/v2\/tags?post=62526"},{"taxonomy":"tribe_events_cat","embeddable":true,"href":"https:\/\/santakoblues.com\/fest\/wp-json\/wp\/v2\/tribe_events_cat?post=62526"}],"curies":[{"name":"wp","href":"https:\/\/api.w.org\/{rel}","templated":true}]}}