{"id":62493,"date":"2026-01-26T21:19:06","date_gmt":"2026-01-26T21:19:06","guid":{"rendered":"https:\/\/santakoblues.com\/fest\/?page_id=62493"},"modified":"2026-01-27T03:42:55","modified_gmt":"2026-01-27T03:42:55","slug":"programacion-2025","status":"publish","type":"page","link":"https:\/\/santakoblues.com\/fest\/programacion-2025\/","title":{"rendered":"Programacion 2025"},"content":{"rendered":"\t\t<div data-elementor-type=\"wp-page\" data-elementor-id=\"62493\" class=\"elementor elementor-62493\">\n\t\t\t\t\t\t<section class=\"elementor-section elementor-top-section elementor-element elementor-element-3062f24 elementor-section-boxed elementor-section-height-default elementor-section-height-default sc_fly_static\" data-id=\"3062f24\" data-element_type=\"section\" data-e-type=\"section\">\n\t\t\t\t\t\t<div class=\"elementor-container elementor-column-gap-extended\">\n\t\t\t\t\t<div class=\"elementor-column elementor-col-100 elementor-top-column elementor-element elementor-element-e015b76 sc_content_align_inherit sc_layouts_column_icons_position_left sc_fly_static\" data-id=\"e015b76\" data-element_type=\"column\" data-e-type=\"column\">\n\t\t\t<div class=\"elementor-widget-wrap\">\n\t\t\t\t\t\t\t<\/div>\n\t\t<\/div>\n\t\t\t\t\t<\/div>\n\t\t<\/section>\n\t\t\t\t<section class=\"elementor-section elementor-top-section elementor-element elementor-element-97a23c2 elementor-section-boxed elementor-section-height-default elementor-section-height-default sc_fly_static\" data-id=\"97a23c2\" data-element_type=\"section\" data-e-type=\"section\">\n\t\t\t\t\t\t<div class=\"elementor-container elementor-column-gap-extended\">\n\t\t\t\t\t<div class=\"elementor-column elementor-col-100 elementor-top-column elementor-element elementor-element-5585ccf sc_content_align_inherit sc_layouts_column_icons_position_left sc_fly_static\" data-id=\"5585ccf\" data-element_type=\"column\" data-e-type=\"column\">\n\t\t\t<div class=\"elementor-widget-wrap elementor-element-populated\">\n\t\t\t\t\t\t<div class=\"elementor-element elementor-element-54fedbe sc_fly_static elementor-widget elementor-widget-trx_sc_events\" data-id=\"54fedbe\" data-element_type=\"widget\" data-e-type=\"widget\" data-widget_type=\"trx_sc_events.default\">\n\t\t\t\t<div class=\"elementor-widget-container\">\n\t\t\t\t\t<div \t\tclass=\"sc_events sc_events_classic\"><div class=\"sc_events_columns sc_item_columns trx_addons_columns_wrap columns_padding_bottom\"><div class=\"trx_addons_column-1_3\"><div class=\"sc_events_item sc_item_container post_container with_more\">\r\n\r\n    <div class=\"sc_events_item_content\">\r\n\r\n        <div class=\"sc_events_item_featured\" style=\"background-image: url(https:\/\/santakoblues.com\/fest\/wp-content\/uploads\/2026\/03\/SPRING_FB_COMPRESSED-840x1180.jpg);\"><\/div>\r\n\r\n        <div class=\"sc_events_item_content_inner\">\r\n\r\n            <div class=\"sc_events_item_content_inner_top\">\r\n                <div class=\"sc_events_item_meta_categories\"><a href=\"https:\/\/santakoblues.com\/fest\/programacion\/categoria\/concierto\/\" title=\"View all posts in Concierto\">Concierto<\/a><\/div>\r\n            <\/div>\r\n\r\n            <div class=\"sc_events_item_content_inner_bottom\">\r\n                <h4 class=\"sc_events_item_title\"><a href=\"https:\/\/santakoblues.com\/fest\/evento\/santako-spring-blues-2026\/\">Santako Spring Blues 2026<\/a><\/h4>\r\n                <div class=\"sc_events_item_meta\">\r\n                    <span class=\"sc_events_item_meta_item sc_events_item_meta_date\">Started on <span class=\"sc_events_item_date sc_events_item_date_start\">12 de marzo de 2026 08:00<\/span> to <span class=\"sc_events_item_date sc_events_item_date_end\">12 de marzo de 2026 17:00<\/span><\/span>\r\n                <\/div>\r\n                                    <div class=\"sc_events_item_text\">Santako Spring Blues 2026<\/div>\r\n                \r\n                                    <a href=\"https:\/\/santakoblues.com\/fest\/evento\/santako-spring-blues-2026\/\" class=\"sc_events_item_more_link\">\r\n                        <span class=\"link_text\">Read more<\/span><span class=\"link_icon\"><\/span>\r\n                    <\/a>\r\n                            <\/div>\r\n            <a class=\"sc_events_item_link\" href=\"https:\/\/santakoblues.com\/fest\/evento\/santako-spring-blues-2026\/\"><\/a>\r\n        <\/div>\r\n    <\/div>\r\n<\/div><\/div><div class=\"trx_addons_column-1_3\"><div class=\"sc_events_item sc_item_container post_container with_more\">\r\n\r\n    <div class=\"sc_events_item_content\">\r\n\r\n        <div class=\"sc_events_item_featured\" style=\"background-image: url(https:\/\/santakoblues.com\/fest\/wp-content\/uploads\/2026\/01\/sweetyboutin-840x560.jpg);\"><\/div>\r\n\r\n        <div class=\"sc_events_item_content_inner\">\r\n\r\n            <div class=\"sc_events_item_content_inner_top\">\r\n                <div class=\"sc_events_item_meta_categories\"><a href=\"https:\/\/santakoblues.com\/fest\/programacion\/categoria\/concierto\/\" title=\"View all posts in Concierto\">Concierto <\/a><a href=\"https:\/\/santakoblues.com\/fest\/programacion\/categoria\/2026\/\" title=\"View all posts in Edici\u00f3n 2026\">Edici\u00f3n 2026<\/a><\/div>\r\n            <\/div>\r\n\r\n            <div class=\"sc_events_item_content_inner_bottom\">\r\n                <h4 class=\"sc_events_item_title\"><a href=\"https:\/\/santakoblues.com\/fest\/evento\/sweet-y-boutin\/\">Sweet y Boutin<\/a><\/h4>\r\n                <div class=\"sc_events_item_meta\">\r\n                    <span class=\"sc_events_item_meta_item sc_events_item_meta_date\">Started on <span class=\"sc_events_item_date sc_events_item_date_start\">22 de febrero de 2026 20:00<\/span> to <span class=\"sc_events_item_date sc_events_item_date_end\">22 de febrero de 2026 20:00<\/span><\/span>\r\n                <\/div>\r\n                                    <div class=\"sc_events_item_text\">D\u00fao colomense formado por Ferran Boutin (guitarra) y Cristina Robles (voz) Ferran, con casi 40 a\u00f1os de experiencia<\/div>\r\n                \r\n                                    <a href=\"https:\/\/santakoblues.com\/fest\/evento\/sweet-y-boutin\/\" class=\"sc_events_item_more_link\">\r\n                        <span class=\"link_text\">Read more<\/span><span class=\"link_icon\"><\/span>\r\n                    <\/a>\r\n                            <\/div>\r\n            <a class=\"sc_events_item_link\" href=\"https:\/\/santakoblues.com\/fest\/evento\/sweet-y-boutin\/\"><\/a>\r\n        <\/div>\r\n    <\/div>\r\n<\/div><\/div><div class=\"trx_addons_column-1_3\"><div class=\"sc_events_item sc_item_container post_container with_more\">\r\n\r\n    <div class=\"sc_events_item_content\">\r\n\r\n        <div class=\"sc_events_item_featured\" style=\"background-image: url(https:\/\/santakoblues.com\/fest\/wp-content\/uploads\/2026\/01\/lonesomebike.jpeg);\"><\/div>\r\n\r\n        <div class=\"sc_events_item_content_inner\">\r\n\r\n            <div class=\"sc_events_item_content_inner_top\">\r\n                <div class=\"sc_events_item_meta_categories\"><a href=\"https:\/\/santakoblues.com\/fest\/programacion\/categoria\/concierto\/\" title=\"View all posts in Concierto\">Concierto <\/a><a href=\"https:\/\/santakoblues.com\/fest\/programacion\/categoria\/2026\/\" title=\"View all posts in Edici\u00f3n 2026\">Edici\u00f3n 2026<\/a><\/div>\r\n            <\/div>\r\n\r\n            <div class=\"sc_events_item_content_inner_bottom\">\r\n                <h4 class=\"sc_events_item_title\"><a href=\"https:\/\/santakoblues.com\/fest\/evento\/ma-lonesome-alan-bike\/\">MA Lonesome &#038; Alan Bike<\/a><\/h4>\r\n                <div class=\"sc_events_item_meta\">\r\n                    <span class=\"sc_events_item_meta_item sc_events_item_meta_date\">Started on <span class=\"sc_events_item_date sc_events_item_date_start\">22 de febrero de 2026 12:00<\/span> to <span class=\"sc_events_item_date sc_events_item_date_end\">22 de febrero de 2026 12:00<\/span><\/span>\r\n                <\/div>\r\n                                    <div class=\"sc_events_item_text\">Nacido por generaci\u00f3n espont\u00e1nea en el invierno de 2014, el d\u00fao formado por Alan Bike (Antequera, Mississippi) a la guitarra ac\u00fastica y voz y MA Lonesome (L\u2019Hospitalet, Luisiana) a la arm\u00f3nica, kazoo, ukelele y voz.<\/div>\r\n                \r\n                                    <a href=\"https:\/\/santakoblues.com\/fest\/evento\/ma-lonesome-alan-bike\/\" class=\"sc_events_item_more_link\">\r\n                        <span class=\"link_text\">Read more<\/span><span class=\"link_icon\"><\/span>\r\n                    <\/a>\r\n                            <\/div>\r\n            <a class=\"sc_events_item_link\" href=\"https:\/\/santakoblues.com\/fest\/evento\/ma-lonesome-alan-bike\/\"><\/a>\r\n        <\/div>\r\n    <\/div>\r\n<\/div><\/div><div class=\"trx_addons_column-1_3\"><div class=\"sc_events_item sc_item_container post_container with_more\">\r\n\r\n    <div class=\"sc_events_item_content\">\r\n\r\n        <div class=\"sc_events_item_featured\" style=\"background-image: url(https:\/\/santakoblues.com\/fest\/wp-content\/uploads\/2024\/11\/santako-street-840x840.jpeg);\"><\/div>\r\n\r\n        <div class=\"sc_events_item_content_inner\">\r\n\r\n            <div class=\"sc_events_item_content_inner_top\">\r\n                <div class=\"sc_events_item_meta_categories\"><a href=\"https:\/\/santakoblues.com\/fest\/programacion\/categoria\/concierto\/\" title=\"View all posts in Concierto\">Concierto <\/a><a href=\"https:\/\/santakoblues.com\/fest\/programacion\/categoria\/2026\/\" title=\"View all posts in Edici\u00f3n 2026\">Edici\u00f3n 2026<\/a><\/div>\r\n            <\/div>\r\n\r\n            <div class=\"sc_events_item_content_inner_bottom\">\r\n                <h4 class=\"sc_events_item_title\"><a href=\"https:\/\/santakoblues.com\/fest\/evento\/the-a-marching-band\/\">Marching Band al Mercat i Pla\u00e7a de la Vila<\/a><\/h4>\r\n                <div class=\"sc_events_item_meta\">\r\n                    <span class=\"sc_events_item_meta_item sc_events_item_meta_date\">Started on <span class=\"sc_events_item_date sc_events_item_date_start\">21 de febrero de 2026 11:00<\/span> to <span class=\"sc_events_item_date sc_events_item_date_end\">21 de febrero de 2026 13:00<\/span><\/span>\r\n                <\/div>\r\n                                    <div class=\"sc_events_item_text\">The A swing band es una formaci\u00f3n de m\u00fasicos de diferentes pa\u00edses afincados en Barcelona.<\/div>\r\n                \r\n                                    <a href=\"https:\/\/santakoblues.com\/fest\/evento\/the-a-marching-band\/\" class=\"sc_events_item_more_link\">\r\n                        <span class=\"link_text\">Read more<\/span><span class=\"link_icon\"><\/span>\r\n                    <\/a>\r\n                            <\/div>\r\n            <a class=\"sc_events_item_link\" href=\"https:\/\/santakoblues.com\/fest\/evento\/the-a-marching-band\/\"><\/a>\r\n        <\/div>\r\n    <\/div>\r\n<\/div><\/div><div class=\"trx_addons_column-1_3\"><div class=\"sc_events_item sc_item_container post_container with_more\">\r\n\r\n    <div class=\"sc_events_item_content\">\r\n\r\n        <div class=\"sc_events_item_featured\" style=\"background-image: url(https:\/\/santakoblues.com\/fest\/wp-content\/uploads\/2026\/01\/fira-disc-840x470.jpg);\"><\/div>\r\n\r\n        <div class=\"sc_events_item_content_inner\">\r\n\r\n            <div class=\"sc_events_item_content_inner_top\">\r\n                <div class=\"sc_events_item_meta_categories\"><a href=\"https:\/\/santakoblues.com\/fest\/programacion\/categoria\/actividad-didactica\/\" title=\"View all posts in Actividad did\u00e1ctica\">Actividad did\u00e1ctica <\/a><a href=\"https:\/\/santakoblues.com\/fest\/programacion\/categoria\/2026\/\" title=\"View all posts in Edici\u00f3n 2026\">Edici\u00f3n 2026<\/a><\/div>\r\n            <\/div>\r\n\r\n            <div class=\"sc_events_item_content_inner_bottom\">\r\n                <h4 class=\"sc_events_item_title\"><a href=\"https:\/\/santakoblues.com\/fest\/evento\/ix-fira-disc-del-col%c2%b7leccionista-vinils-de-2a-ma-2\/\">IX Fira Disc del Col\u00b7leccionista -Vinils de 2a m\u00e0<\/a><\/h4>\r\n                <div class=\"sc_events_item_meta\">\r\n                    <span class=\"sc_events_item_meta_item sc_events_item_meta_date\">Started on <span class=\"sc_events_item_date sc_events_item_date_start\">21 de febrero de 2026 10:00<\/span> to <span class=\"sc_events_item_date sc_events_item_date_end\">21 de febrero de 2026 20:00<\/span><\/span>\r\n                <\/div>\r\n                                    <div class=\"sc_events_item_text\">IX Fira Disc del Col\u00b7leccionista -Vinils de 2a m\u00e0<\/div>\r\n                \r\n                                    <a href=\"https:\/\/santakoblues.com\/fest\/evento\/ix-fira-disc-del-col%c2%b7leccionista-vinils-de-2a-ma-2\/\" class=\"sc_events_item_more_link\">\r\n                        <span class=\"link_text\">Read more<\/span><span class=\"link_icon\"><\/span>\r\n                    <\/a>\r\n                            <\/div>\r\n            <a class=\"sc_events_item_link\" href=\"https:\/\/santakoblues.com\/fest\/evento\/ix-fira-disc-del-col%c2%b7leccionista-vinils-de-2a-ma-2\/\"><\/a>\r\n        <\/div>\r\n    <\/div>\r\n<\/div><\/div><div class=\"trx_addons_column-1_3\"><div class=\"sc_events_item sc_item_container post_container with_more\">\r\n\r\n    <div class=\"sc_events_item_content\">\r\n\r\n        <div class=\"sc_events_item_featured\" style=\"background-image: url(https:\/\/santakoblues.com\/fest\/wp-content\/uploads\/2025\/01\/IMG-20250809-WA0000-840x818.jpg);\"><\/div>\r\n\r\n        <div class=\"sc_events_item_content_inner\">\r\n\r\n            <div class=\"sc_events_item_content_inner_top\">\r\n                <div class=\"sc_events_item_meta_categories\"><a href=\"https:\/\/santakoblues.com\/fest\/programacion\/categoria\/concierto\/\" title=\"View all posts in Concierto\">Concierto <\/a><a href=\"https:\/\/santakoblues.com\/fest\/programacion\/categoria\/teatro-2026\/\" title=\"View all posts in Teatro 2026\">Teatro 2026<\/a><\/div>\r\n            <\/div>\r\n\r\n            <div class=\"sc_events_item_content_inner_bottom\">\r\n                <h4 class=\"sc_events_item_title\"><a href=\"https:\/\/santakoblues.com\/fest\/evento\/doc-and-the-mads-teatro\/\">Doc &#038; the Mads<\/a><\/h4>\r\n                <div class=\"sc_events_item_meta\">\r\n                    <span class=\"sc_events_item_meta_item sc_events_item_meta_date\">Started on <span class=\"sc_events_item_date sc_events_item_date_start\">21 de febrero de 2026 19:00<\/span> to <span class=\"sc_events_item_date sc_events_item_date_end\">21 de febrero de 2026 20:30<\/span><\/span>\r\n                <\/div>\r\n                                    <div class=\"sc_events_item_text\">Doc &amp; the Mads\u00a0es una banda de rock \u2019n\u2019 roll nacida como proyecto personal de Andreu Ros, pianista y compositor con una s\u00f3lida trayectoria en distintos grupos de la escena barcelonesa.\u00a0<\/div>\r\n                \r\n                                    <a href=\"https:\/\/santakoblues.com\/fest\/evento\/doc-and-the-mads-teatro\/\" class=\"sc_events_item_more_link\">\r\n                        <span class=\"link_text\">Read more<\/span><span class=\"link_icon\"><\/span>\r\n                    <\/a>\r\n                            <\/div>\r\n            <a class=\"sc_events_item_link\" href=\"https:\/\/santakoblues.com\/fest\/evento\/doc-and-the-mads-teatro\/\"><\/a>\r\n        <\/div>\r\n    <\/div>\r\n<\/div><\/div><div class=\"trx_addons_column-1_3\"><div class=\"sc_events_item sc_item_container post_container with_more\">\r\n\r\n    <div class=\"sc_events_item_content\">\r\n\r\n        <div class=\"sc_events_item_featured\" style=\"background-image: url(https:\/\/santakoblues.com\/fest\/wp-content\/uploads\/2024\/05\/BB-19m-840x473.jpg);\"><\/div>\r\n\r\n        <div class=\"sc_events_item_content_inner\">\r\n\r\n            <div class=\"sc_events_item_content_inner_top\">\r\n                <div class=\"sc_events_item_meta_categories\"><a href=\"https:\/\/santakoblues.com\/fest\/programacion\/categoria\/concierto\/\" title=\"View all posts in Concierto\">Concierto <\/a><a href=\"https:\/\/santakoblues.com\/fest\/programacion\/categoria\/teatro-2026\/\" title=\"View all posts in Teatro 2026\">Teatro 2026<\/a><\/div>\r\n            <\/div>\r\n\r\n            <div class=\"sc_events_item_content_inner_bottom\">\r\n                <h4 class=\"sc_events_item_title\"><a href=\"https:\/\/santakoblues.com\/fest\/evento\/boogie-boys\/\">Boogie Boys<\/a><\/h4>\r\n                <div class=\"sc_events_item_meta\">\r\n                    <span class=\"sc_events_item_meta_item sc_events_item_meta_date\">Started on <span class=\"sc_events_item_date sc_events_item_date_start\">21 de febrero de 2026 21:00<\/span> to <span class=\"sc_events_item_date sc_events_item_date_end\">21 de febrero de 2026 23:00<\/span><\/span>\r\n                <\/div>\r\n                                    <div class=\"sc_events_item_text\">Desde su creaci\u00f3n en 2003, han visitado casi todos los pa\u00edses de Europa y algunos en otros continentes.<\/div>\r\n                \r\n                                    <a href=\"https:\/\/santakoblues.com\/fest\/evento\/boogie-boys\/\" class=\"sc_events_item_more_link\">\r\n                        <span class=\"link_text\">Read more<\/span><span class=\"link_icon\"><\/span>\r\n                    <\/a>\r\n                            <\/div>\r\n            <a class=\"sc_events_item_link\" href=\"https:\/\/santakoblues.com\/fest\/evento\/boogie-boys\/\"><\/a>\r\n        <\/div>\r\n    <\/div>\r\n<\/div><\/div><div class=\"trx_addons_column-1_3\"><div class=\"sc_events_item sc_item_container post_container with_more\">\r\n\r\n    <div class=\"sc_events_item_content\">\r\n\r\n        <div class=\"sc_events_item_featured\" style=\"background-image: url(https:\/\/santakoblues.com\/fest\/wp-content\/uploads\/2024\/05\/Sax-Gordon-840x840.jpg);\"><\/div>\r\n\r\n        <div class=\"sc_events_item_content_inner\">\r\n\r\n            <div class=\"sc_events_item_content_inner_top\">\r\n                <div class=\"sc_events_item_meta_categories\"><a href=\"https:\/\/santakoblues.com\/fest\/programacion\/categoria\/concierto\/\" title=\"View all posts in Concierto\">Concierto <\/a><a href=\"https:\/\/santakoblues.com\/fest\/programacion\/categoria\/teatro-2026\/\" title=\"View all posts in Teatro 2026\">Teatro 2026<\/a><\/div>\r\n            <\/div>\r\n\r\n            <div class=\"sc_events_item_content_inner_bottom\">\r\n                <h4 class=\"sc_events_item_title\"><a href=\"https:\/\/santakoblues.com\/fest\/evento\/sax-gordon-band\/\">Sax Gordon &#038; Band<\/a><\/h4>\r\n                <div class=\"sc_events_item_meta\">\r\n                    <span class=\"sc_events_item_meta_item sc_events_item_meta_date\">Started on <span class=\"sc_events_item_date sc_events_item_date_start\">20 de febrero de 2026 21:00<\/span> to <span class=\"sc_events_item_date sc_events_item_date_end\">20 de febrero de 2026 23:00<\/span><\/span>\r\n                <\/div>\r\n                                    <div class=\"sc_events_item_text\">Ning\u00fan otro artista de la escena actual revive e impulsa la gran tradici\u00f3n del Rocking American Saxophone como Sax Gordon.<\/div>\r\n                \r\n                                    <a href=\"https:\/\/santakoblues.com\/fest\/evento\/sax-gordon-band\/\" class=\"sc_events_item_more_link\">\r\n                        <span class=\"link_text\">Read more<\/span><span class=\"link_icon\"><\/span>\r\n                    <\/a>\r\n                            <\/div>\r\n            <a class=\"sc_events_item_link\" href=\"https:\/\/santakoblues.com\/fest\/evento\/sax-gordon-band\/\"><\/a>\r\n        <\/div>\r\n    <\/div>\r\n<\/div><\/div><div class=\"trx_addons_column-1_3\"><div class=\"sc_events_item sc_item_container post_container with_more\">\r\n\r\n    <div class=\"sc_events_item_content\">\r\n\r\n        <div class=\"sc_events_item_featured\" style=\"background-image: url(https:\/\/santakoblues.com\/fest\/wp-content\/uploads\/2024\/04\/balasfoto1-840x1260.jpg);\"><\/div>\r\n\r\n        <div class=\"sc_events_item_content_inner\">\r\n\r\n            <div class=\"sc_events_item_content_inner_top\">\r\n                <div class=\"sc_events_item_meta_categories\"><a href=\"https:\/\/santakoblues.com\/fest\/programacion\/categoria\/concierto\/\" title=\"View all posts in Concierto\">Concierto <\/a><a href=\"https:\/\/santakoblues.com\/fest\/programacion\/categoria\/teatro-2026\/\" title=\"View all posts in Teatro 2026\">Teatro 2026<\/a><\/div>\r\n            <\/div>\r\n\r\n            <div class=\"sc_events_item_content_inner_bottom\">\r\n                <h4 class=\"sc_events_item_title\"><a href=\"https:\/\/santakoblues.com\/fest\/evento\/las-balas-perdidas-teatro\/\">Las Balas Perdidas<\/a><\/h4>\r\n                <div class=\"sc_events_item_meta\">\r\n                    <span class=\"sc_events_item_meta_item sc_events_item_meta_date\">Started on <span class=\"sc_events_item_date sc_events_item_date_start\">20 de febrero de 2026 19:00<\/span> to <span class=\"sc_events_item_date sc_events_item_date_end\">20 de febrero de 2026 20:30<\/span><\/span>\r\n                <\/div>\r\n                                    <div class=\"sc_events_item_text\">LAS\u00a0BALAS\u00a0PERDIDAS\u00a0es el proyecto barcelon\u00e9s de blues rock del argentino Agust\u00edn Blesa<\/div>\r\n                \r\n                                    <a href=\"https:\/\/santakoblues.com\/fest\/evento\/las-balas-perdidas-teatro\/\" class=\"sc_events_item_more_link\">\r\n                        <span class=\"link_text\">Read more<\/span><span class=\"link_icon\"><\/span>\r\n                    <\/a>\r\n                            <\/div>\r\n            <a class=\"sc_events_item_link\" href=\"https:\/\/santakoblues.com\/fest\/evento\/las-balas-perdidas-teatro\/\"><\/a>\r\n        <\/div>\r\n    <\/div>\r\n<\/div><\/div><div class=\"trx_addons_column-1_3\"><div class=\"sc_events_item sc_item_container post_container with_more\">\r\n\r\n    <div class=\"sc_events_item_content\">\r\n\r\n        <div class=\"sc_events_item_featured\" style=\"background-image: url(https:\/\/santakoblues.com\/fest\/wp-content\/uploads\/2026\/01\/swamp-preachers-1-840x560.jpg);\"><\/div>\r\n\r\n        <div class=\"sc_events_item_content_inner\">\r\n\r\n            <div class=\"sc_events_item_content_inner_top\">\r\n                <div class=\"sc_events_item_meta_categories\"><a href=\"https:\/\/santakoblues.com\/fest\/programacion\/categoria\/concierto\/\" title=\"View all posts in Concierto\">Concierto <\/a><a href=\"https:\/\/santakoblues.com\/fest\/programacion\/categoria\/2026\/\" title=\"View all posts in Edici\u00f3n 2026\">Edici\u00f3n 2026<\/a><\/div>\r\n            <\/div>\r\n\r\n            <div class=\"sc_events_item_content_inner_bottom\">\r\n                <h4 class=\"sc_events_item_title\"><a href=\"https:\/\/santakoblues.com\/fest\/evento\/swamp-preachers-taverna-gaudir\/\">Swamp Preachers &#8211; Taverna Gaudir<\/a><\/h4>\r\n                <div class=\"sc_events_item_meta\">\r\n                    <span class=\"sc_events_item_meta_item sc_events_item_meta_date\">Started on <span class=\"sc_events_item_date sc_events_item_date_start\">19 de febrero de 2026 20:00<\/span> to <span class=\"sc_events_item_date sc_events_item_date_end\">19 de febrero de 2026 20:00<\/span><\/span>\r\n                <\/div>\r\n                                    <div class=\"sc_events_item_text\">Swamp Preachers es un d\u00fao de blues originario de los Estados Unidos<\/div>\r\n                \r\n                                    <a href=\"https:\/\/santakoblues.com\/fest\/evento\/swamp-preachers-taverna-gaudir\/\" class=\"sc_events_item_more_link\">\r\n                        <span class=\"link_text\">Read more<\/span><span class=\"link_icon\"><\/span>\r\n                    <\/a>\r\n                            <\/div>\r\n            <a class=\"sc_events_item_link\" href=\"https:\/\/santakoblues.com\/fest\/evento\/swamp-preachers-taverna-gaudir\/\"><\/a>\r\n        <\/div>\r\n    <\/div>\r\n<\/div><\/div><div class=\"trx_addons_column-1_3\"><div class=\"sc_events_item sc_item_container post_container with_more\">\r\n\r\n    <div class=\"sc_events_item_content\">\r\n\r\n        <div class=\"sc_events_item_featured\" style=\"background-image: url(https:\/\/santakoblues.com\/fest\/wp-content\/uploads\/2026\/01\/IPardo_vinylBlues-840x935.jpg);\"><\/div>\r\n\r\n        <div class=\"sc_events_item_content_inner\">\r\n\r\n            <div class=\"sc_events_item_content_inner_top\">\r\n                <div class=\"sc_events_item_meta_categories\"><a href=\"https:\/\/santakoblues.com\/fest\/programacion\/categoria\/2026\/\" title=\"View all posts in Edici\u00f3n 2026\">Edici\u00f3n 2026 <\/a><a href=\"https:\/\/santakoblues.com\/fest\/programacion\/categoria\/exposicion\/\" title=\"View all posts in Exposici\u00f3n\">Exposici\u00f3n<\/a><\/div>\r\n            <\/div>\r\n\r\n            <div class=\"sc_events_item_content_inner_bottom\">\r\n                <h4 class=\"sc_events_item_title\"><a href=\"https:\/\/santakoblues.com\/fest\/evento\/cruce-de-caminos-y-vinyl-blues-exposicio-de-isabel-pardo\/\">Cruce de caminos y Vinyl Blues. Exposici\u00f3 de Isabel Pardo<\/a><\/h4>\r\n                <div class=\"sc_events_item_meta\">\r\n                    <span class=\"sc_events_item_meta_item sc_events_item_meta_date\">Started on <span class=\"sc_events_item_date sc_events_item_date_start\">19 de febrero de 2026 18:00<\/span> to <span class=\"sc_events_item_date sc_events_item_date_end\">19 de febrero de 2026 18:00<\/span><\/span>\r\n                <\/div>\r\n                                    <div class=\"sc_events_item_text\">Cruce de caminos y Vinyl Blues. Exposicio\u0301 de Isabel Pardo. Centre de Cultura Contempora\u0300nia Can Sistere\u0301<\/div>\r\n                \r\n                                    <a href=\"https:\/\/santakoblues.com\/fest\/evento\/cruce-de-caminos-y-vinyl-blues-exposicio-de-isabel-pardo\/\" class=\"sc_events_item_more_link\">\r\n                        <span class=\"link_text\">Read more<\/span><span class=\"link_icon\"><\/span>\r\n                    <\/a>\r\n                            <\/div>\r\n            <a class=\"sc_events_item_link\" href=\"https:\/\/santakoblues.com\/fest\/evento\/cruce-de-caminos-y-vinyl-blues-exposicio-de-isabel-pardo\/\"><\/a>\r\n        <\/div>\r\n    <\/div>\r\n<\/div><\/div><div class=\"trx_addons_column-1_3\"><div class=\"sc_events_item sc_item_container post_container with_more\">\r\n\r\n    <div class=\"sc_events_item_content\">\r\n\r\n        <div class=\"sc_events_item_featured\" style=\"background-image: url(https:\/\/santakoblues.com\/fest\/wp-content\/uploads\/2026\/01\/amarchingband-840x630.jpeg);\"><\/div>\r\n\r\n        <div class=\"sc_events_item_content_inner\">\r\n\r\n            <div class=\"sc_events_item_content_inner_top\">\r\n                <div class=\"sc_events_item_meta_categories\"><a href=\"https:\/\/santakoblues.com\/fest\/programacion\/categoria\/concierto\/\" title=\"View all posts in Concierto\">Concierto <\/a><a href=\"https:\/\/santakoblues.com\/fest\/programacion\/categoria\/2026\/\" title=\"View all posts in Edici\u00f3n 2026\">Edici\u00f3n 2026<\/a><\/div>\r\n            <\/div>\r\n\r\n            <div class=\"sc_events_item_content_inner_bottom\">\r\n                <h4 class=\"sc_events_item_title\"><a href=\"https:\/\/santakoblues.com\/fest\/evento\/the-a-swing-band-3\/\">The A Swing Band<\/a><\/h4>\r\n                <div class=\"sc_events_item_meta\">\r\n                    <span class=\"sc_events_item_meta_item sc_events_item_meta_date\">Started on <span class=\"sc_events_item_date sc_events_item_date_start\">19 de febrero de 2026 11:00<\/span> to <span class=\"sc_events_item_date sc_events_item_date_end\">19 de febrero de 2026 12:00<\/span><\/span>\r\n                <\/div>\r\n                                    <div class=\"sc_events_item_text\">The A swing band es una formaci\u00f3n de m\u00fasicos de diferentes pa\u00edses afincados en Barcelona.<\/div>\r\n                \r\n                                    <a href=\"https:\/\/santakoblues.com\/fest\/evento\/the-a-swing-band-3\/\" class=\"sc_events_item_more_link\">\r\n                        <span class=\"link_text\">Read more<\/span><span class=\"link_icon\"><\/span>\r\n                    <\/a>\r\n                            <\/div>\r\n            <a class=\"sc_events_item_link\" href=\"https:\/\/santakoblues.com\/fest\/evento\/the-a-swing-band-3\/\"><\/a>\r\n        <\/div>\r\n    <\/div>\r\n<\/div><\/div><div class=\"trx_addons_column-1_3\"><div class=\"sc_events_item sc_item_container post_container with_more\">\r\n\r\n    <div class=\"sc_events_item_content\">\r\n\r\n        <div class=\"sc_events_item_featured\" style=\"background-image: url(https:\/\/santakoblues.com\/fest\/wp-content\/uploads\/2026\/01\/why-nots-840x561.jpg);\"><\/div>\r\n\r\n        <div class=\"sc_events_item_content_inner\">\r\n\r\n            <div class=\"sc_events_item_content_inner_top\">\r\n                <div class=\"sc_events_item_meta_categories\"><a href=\"https:\/\/santakoblues.com\/fest\/programacion\/categoria\/concierto\/\" title=\"View all posts in Concierto\">Concierto <\/a><a href=\"https:\/\/santakoblues.com\/fest\/programacion\/categoria\/2026\/\" title=\"View all posts in Edici\u00f3n 2026\">Edici\u00f3n 2026<\/a><\/div>\r\n            <\/div>\r\n\r\n            <div class=\"sc_events_item_content_inner_bottom\">\r\n                <h4 class=\"sc_events_item_title\"><a href=\"https:\/\/santakoblues.com\/fest\/evento\/the-why-nots-el-perdut-restaurant\/\">The Why Nots &#8211; El Perdut Restaurant<\/a><\/h4>\r\n                <div class=\"sc_events_item_meta\">\r\n                    <span class=\"sc_events_item_meta_item sc_events_item_meta_date\">Started on <span class=\"sc_events_item_date sc_events_item_date_start\">18 de febrero de 2026 20:00<\/span> to <span class=\"sc_events_item_date sc_events_item_date_end\">18 de febrero de 2026 20:00<\/span><\/span>\r\n                <\/div>\r\n                                    <div class=\"sc_events_item_text\">Format per m\u00fasics de Barcelona i Girona amb diverses traject\u00f2ries, The Why Nots reprodueix l\u2019energia prim\u00e0ria del blues dels anys 50 i 60.<\/div>\r\n                \r\n                                    <a href=\"https:\/\/santakoblues.com\/fest\/evento\/the-why-nots-el-perdut-restaurant\/\" class=\"sc_events_item_more_link\">\r\n                        <span class=\"link_text\">Read more<\/span><span class=\"link_icon\"><\/span>\r\n                    <\/a>\r\n                            <\/div>\r\n            <a class=\"sc_events_item_link\" href=\"https:\/\/santakoblues.com\/fest\/evento\/the-why-nots-el-perdut-restaurant\/\"><\/a>\r\n        <\/div>\r\n    <\/div>\r\n<\/div><\/div><div class=\"trx_addons_column-1_3\"><div class=\"sc_events_item sc_item_container post_container with_more\">\r\n\r\n    <div class=\"sc_events_item_content\">\r\n\r\n        <div class=\"sc_events_item_featured\" style=\"background-image: url(https:\/\/santakoblues.com\/fest\/wp-content\/uploads\/2026\/01\/TSparks_Photo-Jonatan-Jimenez-840x601.jpg);\"><\/div>\r\n\r\n        <div class=\"sc_events_item_content_inner\">\r\n\r\n            <div class=\"sc_events_item_content_inner_top\">\r\n                <div class=\"sc_events_item_meta_categories\"><a href=\"https:\/\/santakoblues.com\/fest\/programacion\/categoria\/concierto\/\" title=\"View all posts in Concierto\">Concierto <\/a><a href=\"https:\/\/santakoblues.com\/fest\/programacion\/categoria\/2026\/\" title=\"View all posts in Edici\u00f3n 2026\">Edici\u00f3n 2026<\/a><\/div>\r\n            <\/div>\r\n\r\n            <div class=\"sc_events_item_content_inner_bottom\">\r\n                <h4 class=\"sc_events_item_title\"><a href=\"https:\/\/santakoblues.com\/fest\/evento\/tori-sparks-band\/\">Tori Sparks Band &#8211; La Ciba Santa Coloma<\/a><\/h4>\r\n                <div class=\"sc_events_item_meta\">\r\n                    <span class=\"sc_events_item_meta_item sc_events_item_meta_date\">Started on <span class=\"sc_events_item_date sc_events_item_date_start\">17 de febrero de 2026 19:00<\/span> to <span class=\"sc_events_item_date sc_events_item_date_end\">17 de febrero de 2026 19:00<\/span><\/span>\r\n                <\/div>\r\n                                    <div class=\"sc_events_item_text\">La cantautora Tori Sparks naci\u00f3 en la ciudad del Blues, Chicago. Desde los 18 a\u00f1os, ha tocado un promedio de 150 conciertos cada a\u00f1o en 24 pa\u00edses<\/div>\r\n                \r\n                                    <a href=\"https:\/\/santakoblues.com\/fest\/evento\/tori-sparks-band\/\" class=\"sc_events_item_more_link\">\r\n                        <span class=\"link_text\">Read more<\/span><span class=\"link_icon\"><\/span>\r\n                    <\/a>\r\n                            <\/div>\r\n            <a class=\"sc_events_item_link\" href=\"https:\/\/santakoblues.com\/fest\/evento\/tori-sparks-band\/\"><\/a>\r\n        <\/div>\r\n    <\/div>\r\n<\/div><\/div><div class=\"trx_addons_column-1_3\"><div class=\"sc_events_item sc_item_container post_container with_more\">\r\n\r\n    <div class=\"sc_events_item_content\">\r\n\r\n        <div class=\"sc_events_item_featured\" style=\"background-image: url(https:\/\/santakoblues.com\/fest\/wp-content\/uploads\/2026\/01\/I.E.S.NUMANCIA.-IMG-20250214-WA0010-840x630.jpg);\"><\/div>\r\n\r\n        <div class=\"sc_events_item_content_inner\">\r\n\r\n            <div class=\"sc_events_item_content_inner_top\">\r\n                <div class=\"sc_events_item_meta_categories\"><a href=\"https:\/\/santakoblues.com\/fest\/programacion\/categoria\/actividad-didactica\/\" title=\"View all posts in Actividad did\u00e1ctica\">Actividad did\u00e1ctica <\/a><a href=\"https:\/\/santakoblues.com\/fest\/programacion\/categoria\/2026\/\" title=\"View all posts in Edici\u00f3n 2026\">Edici\u00f3n 2026<\/a><\/div>\r\n            <\/div>\r\n\r\n            <div class=\"sc_events_item_content_inner_bottom\">\r\n                <h4 class=\"sc_events_item_title\"><a href=\"https:\/\/santakoblues.com\/fest\/evento\/activitat-didactica-dirigida-a-alumnes-del-ies-numancia\/\">Activitat did\u00e0ctica dirigida a alumnes del IES Num\u00e0ncia<\/a><\/h4>\r\n                <div class=\"sc_events_item_meta\">\r\n                    <span class=\"sc_events_item_meta_item sc_events_item_meta_date\">Started on <span class=\"sc_events_item_date sc_events_item_date_start\">17 de febrero de 2026 09:00<\/span> to <span class=\"sc_events_item_date sc_events_item_date_end\">17 de febrero de 2026 09:00<\/span><\/span>\r\n                <\/div>\r\n                                    <div class=\"sc_events_item_text\">Blues y el nacimiento de la m\u00fasica moderna - Un proyecto did\u00e1ctico de Santako Blues y James Sedgwick<\/div>\r\n                \r\n                                    <a href=\"https:\/\/santakoblues.com\/fest\/evento\/activitat-didactica-dirigida-a-alumnes-del-ies-numancia\/\" class=\"sc_events_item_more_link\">\r\n                        <span class=\"link_text\">Read more<\/span><span class=\"link_icon\"><\/span>\r\n                    <\/a>\r\n                            <\/div>\r\n            <a class=\"sc_events_item_link\" href=\"https:\/\/santakoblues.com\/fest\/evento\/activitat-didactica-dirigida-a-alumnes-del-ies-numancia\/\"><\/a>\r\n        <\/div>\r\n    <\/div>\r\n<\/div><\/div><div class=\"trx_addons_column-1_3\"><div class=\"sc_events_item sc_item_container post_container with_more\">\r\n\r\n    <div class=\"sc_events_item_content\">\r\n\r\n        <div class=\"sc_events_item_featured\" style=\"background-image: url(https:\/\/santakoblues.com\/fest\/wp-content\/uploads\/2026\/01\/CHICAGO-BLUES-FESTI.-Para-cartel-840x630.jpg);\"><\/div>\r\n\r\n        <div class=\"sc_events_item_content_inner\">\r\n\r\n            <div class=\"sc_events_item_content_inner_top\">\r\n                <div class=\"sc_events_item_meta_categories\"><a href=\"https:\/\/santakoblues.com\/fest\/programacion\/categoria\/2026\/\" title=\"View all posts in Edici\u00f3n 2026\">Edici\u00f3n 2026 <\/a><a href=\"https:\/\/santakoblues.com\/fest\/programacion\/categoria\/exposicion\/\" title=\"View all posts in Exposici\u00f3n\">Exposici\u00f3n<\/a><\/div>\r\n            <\/div>\r\n\r\n            <div class=\"sc_events_item_content_inner_bottom\">\r\n                <h4 class=\"sc_events_item_title\"><a href=\"https:\/\/santakoblues.com\/fest\/evento\/por-la-ruta-66-james-dean-trail-al-chicago-blues-festival\/\">Por la Ruta 66 &#038; James Dean Trail al Chicago Blues Festival<\/a><\/h4>\r\n                <div class=\"sc_events_item_meta\">\r\n                    <span class=\"sc_events_item_meta_item sc_events_item_meta_date\">Started on <span class=\"sc_events_item_date sc_events_item_date_start\">16 de febrero de 2026 18:30<\/span> to <span class=\"sc_events_item_date sc_events_item_date_end\">16 de febrero de 2026 20:30<\/span><\/span>\r\n                <\/div>\r\n                                    <div class=\"sc_events_item_text\">Por la Ruta 66 &amp; James Dean Trail al Chicago Blues Festival<\/div>\r\n                \r\n                                    <a href=\"https:\/\/santakoblues.com\/fest\/evento\/por-la-ruta-66-james-dean-trail-al-chicago-blues-festival\/\" class=\"sc_events_item_more_link\">\r\n                        <span class=\"link_text\">Read more<\/span><span class=\"link_icon\"><\/span>\r\n                    <\/a>\r\n                            <\/div>\r\n            <a class=\"sc_events_item_link\" href=\"https:\/\/santakoblues.com\/fest\/evento\/por-la-ruta-66-james-dean-trail-al-chicago-blues-festival\/\"><\/a>\r\n        <\/div>\r\n    <\/div>\r\n<\/div><\/div><div class=\"trx_addons_column-1_3\"><div class=\"sc_events_item sc_item_container post_container with_more\">\r\n\r\n    <div class=\"sc_events_item_content\">\r\n\r\n        <div class=\"sc_events_item_featured\" style=\"background-image: url(https:\/\/santakoblues.com\/fest\/wp-content\/uploads\/2026\/01\/pepe-j-gomez-840x630.jpg);\"><\/div>\r\n\r\n        <div class=\"sc_events_item_content_inner\">\r\n\r\n            <div class=\"sc_events_item_content_inner_top\">\r\n                <div class=\"sc_events_item_meta_categories\"><a href=\"https:\/\/santakoblues.com\/fest\/programacion\/categoria\/concierto\/\" title=\"View all posts in Concierto\">Concierto <\/a><a href=\"https:\/\/santakoblues.com\/fest\/programacion\/categoria\/2026\/\" title=\"View all posts in Edici\u00f3n 2026\">Edici\u00f3n 2026<\/a><\/div>\r\n            <\/div>\r\n\r\n            <div class=\"sc_events_item_content_inner_bottom\">\r\n                <h4 class=\"sc_events_item_title\"><a href=\"https:\/\/santakoblues.com\/fest\/evento\/pepe-j-gomez-trio-music-bar-yesterday\/\">Pepe J. G\u00f3mez Tr\u00edo &#8211; Music Bar Yesterday<\/a><\/h4>\r\n                <div class=\"sc_events_item_meta\">\r\n                    <span class=\"sc_events_item_meta_item sc_events_item_meta_date\">Started on <span class=\"sc_events_item_date sc_events_item_date_start\">15 de febrero de 2026 20:00<\/span> to <span class=\"sc_events_item_date sc_events_item_date_end\">15 de febrero de 2026 20:00<\/span><\/span>\r\n                <\/div>\r\n                                    <div class=\"sc_events_item_text\">Pepe J. G\u00f3mez Tr\u00edo - Music Bar Yesterday<\/div>\r\n                \r\n                                    <a href=\"https:\/\/santakoblues.com\/fest\/evento\/pepe-j-gomez-trio-music-bar-yesterday\/\" class=\"sc_events_item_more_link\">\r\n                        <span class=\"link_text\">Read more<\/span><span class=\"link_icon\"><\/span>\r\n                    <\/a>\r\n                            <\/div>\r\n            <a class=\"sc_events_item_link\" href=\"https:\/\/santakoblues.com\/fest\/evento\/pepe-j-gomez-trio-music-bar-yesterday\/\"><\/a>\r\n        <\/div>\r\n    <\/div>\r\n<\/div><\/div><div class=\"trx_addons_column-1_3\"><div class=\"sc_events_item sc_item_container post_container with_more\">\r\n\r\n    <div class=\"sc_events_item_content\">\r\n\r\n        <div class=\"sc_events_item_featured\" style=\"background-image: url(https:\/\/santakoblues.com\/fest\/wp-content\/uploads\/2026\/01\/RR-1-1.jpg);\"><\/div>\r\n\r\n        <div class=\"sc_events_item_content_inner\">\r\n\r\n            <div class=\"sc_events_item_content_inner_top\">\r\n                <div class=\"sc_events_item_meta_categories\"><a href=\"https:\/\/santakoblues.com\/fest\/programacion\/categoria\/concierto\/\" title=\"View all posts in Concierto\">Concierto <\/a><a href=\"https:\/\/santakoblues.com\/fest\/programacion\/categoria\/2026\/\" title=\"View all posts in Edici\u00f3n 2026\">Edici\u00f3n 2026<\/a><\/div>\r\n            <\/div>\r\n\r\n            <div class=\"sc_events_item_content_inner_bottom\">\r\n                <h4 class=\"sc_events_item_title\"><a href=\"https:\/\/santakoblues.com\/fest\/evento\/rockroll-brothers-avv-serra-de-marina\/\">Rock&#038;Roll Brothers &#8211; AVV Serra de Marina<\/a><\/h4>\r\n                <div class=\"sc_events_item_meta\">\r\n                    <span class=\"sc_events_item_meta_item sc_events_item_meta_date\">Started on <span class=\"sc_events_item_date sc_events_item_date_start\">15 de febrero de 2026 12:00<\/span> to <span class=\"sc_events_item_date sc_events_item_date_end\">15 de febrero de 2026 12:00<\/span><\/span>\r\n                <\/div>\r\n                                    <div class=\"sc_events_item_text\">Rock&amp;Roll Brothers - AV Serra de Marina<\/div>\r\n                \r\n                                    <a href=\"https:\/\/santakoblues.com\/fest\/evento\/rockroll-brothers-avv-serra-de-marina\/\" class=\"sc_events_item_more_link\">\r\n                        <span class=\"link_text\">Read more<\/span><span class=\"link_icon\"><\/span>\r\n                    <\/a>\r\n                            <\/div>\r\n            <a class=\"sc_events_item_link\" href=\"https:\/\/santakoblues.com\/fest\/evento\/rockroll-brothers-avv-serra-de-marina\/\"><\/a>\r\n        <\/div>\r\n    <\/div>\r\n<\/div><\/div><\/div><\/div>\t\t\t\t<\/div>\n\t\t\t\t<\/div>\n\t\t\t\t\t<\/div>\n\t\t<\/div>\n\t\t\t\t\t<\/div>\n\t\t<\/section>\n\t\t\t\t<\/div>\n\t\t","protected":false},"excerpt":{"rendered":"<p>Actividad did\u00e1ctica IX Fira Disc del Col\u00b7leccionista -Vinils de 2a m\u00e0 Started on 21 de febrero de 2025 10:00 to 21 de febrero de 2025 20:00 IX Fira Disc del&hellip;<\/p>\n","protected":false},"author":1,"featured_media":0,"parent":0,"menu_order":0,"comment_status":"closed","ping_status":"closed","template":"","meta":{"_seopress_robots_primary_cat":"","_seopress_titles_title":"","_seopress_titles_desc":"","_seopress_robots_index":"","footnotes":""},"class_list":["post-62493","page","type-page","status-publish","hentry","cat_concierto","cat_2026"],"_links":{"self":[{"href":"https:\/\/santakoblues.com\/fest\/wp-json\/wp\/v2\/pages\/62493","targetHints":{"allow":["GET"]}}],"collection":[{"href":"https:\/\/santakoblues.com\/fest\/wp-json\/wp\/v2\/pages"}],"about":[{"href":"https:\/\/santakoblues.com\/fest\/wp-json\/wp\/v2\/types\/page"}],"author":[{"embeddable":true,"href":"https:\/\/santakoblues.com\/fest\/wp-json\/wp\/v2\/users\/1"}],"replies":[{"embeddable":true,"href":"https:\/\/santakoblues.com\/fest\/wp-json\/wp\/v2\/comments?post=62493"}],"version-history":[{"count":23,"href":"https:\/\/santakoblues.com\/fest\/wp-json\/wp\/v2\/pages\/62493\/revisions"}],"predecessor-version":[{"id":62620,"href":"https:\/\/santakoblues.com\/fest\/wp-json\/wp\/v2\/pages\/62493\/revisions\/62620"}],"wp:attachment":[{"href":"https:\/\/santakoblues.com\/fest\/wp-json\/wp\/v2\/media?parent=62493"}],"curies":[{"name":"wp","href":"https:\/\/api.w.org\/{rel}","templated":true}]}}